{"id":5248,"date":"2026-03-04T13:24:13","date_gmt":"2026-03-04T13:24:13","guid":{"rendered":"https:\/\/www.finncham.org.br\/portal\/?post_type=tribe_events&#038;p=5248"},"modified":"2026-03-11T18:21:05","modified_gmt":"2026-03-11T18:21:05","slug":"cafe-com-o-embaixador-painel-acordo-eu-mercosul","status":"publish","type":"tribe_events","link":"https:\/\/www.finncham.org.br\/portal\/event\/cafe-com-o-embaixador-painel-acordo-eu-mercosul\/","title":{"rendered":"Caf\u00e9 com o Embaixador &#8211; Painel: Acordo EU-Mercosul"},"content":{"rendered":"<p>Convidamos as empresas finlandesas para o Caf\u00e9 com o Embaixador, que ser\u00e1 realizado no dia 24 de mar\u00e7o, das 15h \u00e0s 17h, no Consulado da Finl\u00e2ndia.<\/p>\n<p>Nesta edi\u00e7\u00e3o, promoveremos um painel sobre o Acordo UE\u2013Mercosul, abordando perspectivas pol\u00edticas, legais e tarif\u00e1rias, e seus poss\u00edveis impactos para empresas finlandesas atuantes ou interessadas na regi\u00e3o.<\/p>\n<p>O painel contar\u00e1 com apoio de Cascione Advogados, Renato Pacheco (PNST, FinnCham), Fl\u00e1via Loss (Prof. Rela\u00e7\u00f5es Internacionais no Instituto Mau\u00e1 de Tecnologia) e Jo\u00e3o Ratton ( Trade Advisor, Minist\u00e9rio das Rela\u00e7\u00f5es Exteriores). O painel ser\u00e1 mediado por (Sofia Ramos, Consulado da Finl\u00e2ndia).<\/p>\n<p>Inscri\u00e7\u00e3o: RSVP<\/p>\n<p><a href=\"https:\/\/docs.google.com\/forms\/d\/e\/1FAIpQLSfL5Fy9eZS8ihHUmpam5TGeKiOQB_sPqdoKe98OR5Fq-Z-7-g\/viewform?usp=header\">https:\/\/docs.google.com\/forms\/d\/e\/1FAIpQLSfL5Fy9eZS8ihHUmpam5TGeKiOQB_sPqdoKe98OR5Fq-Z-7-g\/viewform?usp=header<\/a><\/p>\n<p>&nbsp;<\/p>\n<p>&nbsp;<\/p>\n<p>&nbsp;<\/p>\n<p><img decoding=\"async\" loading=\"lazy\" class=\"lazyload aligncenter  wp-image-5255\" src=\"http:\/\/www.finncham.org.br\/portal\/wp-content\/uploads\/2026\/03\/Cafe.Embaixador-24.03-atualizado.1.jpg\" data-orig-src=\"http:\/\/www.finncham.org.br\/portal\/wp-content\/uploads\/2026\/03\/Cafe.Embaixador-24.03-atualizado.1.jpg\" alt=\"\" width=\"401\" height=\"567\" srcset=\"data:image\/svg+xml,%3Csvg%20xmlns%3D%27http%3A%2F%2Fwww.w3.org%2F2000%2Fsvg%27%20width%3D%27401%27%20height%3D%27567%27%20viewBox%3D%270%200%20401%20567%27%3E%3Crect%20width%3D%27401%27%20height%3D%273567%27%20fill-opacity%3D%220%22%2F%3E%3C%2Fsvg%3E\" data-srcset=\"https:\/\/www.finncham.org.br\/portal\/wp-content\/uploads\/2026\/03\/Cafe.Embaixador-24.03-atualizado.1-200x283.jpg 200w, https:\/\/www.finncham.org.br\/portal\/wp-content\/uploads\/2026\/03\/Cafe.Embaixador-24.03-atualizado.1-212x300.jpg 212w, https:\/\/www.finncham.org.br\/portal\/wp-content\/uploads\/2026\/03\/Cafe.Embaixador-24.03-atualizado.1-353x500.jpg 353w, https:\/\/www.finncham.org.br\/portal\/wp-content\/uploads\/2026\/03\/Cafe.Embaixador-24.03-atualizado.1-400x566.jpg 400w, https:\/\/www.finncham.org.br\/portal\/wp-content\/uploads\/2026\/03\/Cafe.Embaixador-24.03-atualizado.1-600x849.jpg 600w, https:\/\/www.finncham.org.br\/portal\/wp-content\/uploads\/2026\/03\/Cafe.Embaixador-24.03-atualizado.1-724x1024.jpg 724w, https:\/\/www.finncham.org.br\/portal\/wp-content\/uploads\/2026\/03\/Cafe.Embaixador-24.03-atualizado.1-768x1087.jpg 768w, https:\/\/www.finncham.org.br\/portal\/wp-content\/uploads\/2026\/03\/Cafe.Embaixador-24.03-atualizado.1-800x1132.jpg 800w, https:\/\/www.finncham.org.br\/portal\/wp-content\/uploads\/2026\/03\/Cafe.Embaixador-24.03-atualizado.1-1086x1536.jpg 1086w, https:\/\/www.finncham.org.br\/portal\/wp-content\/uploads\/2026\/03\/Cafe.Embaixador-24.03-atualizado.1-1200x1698.jpg 1200w, https:\/\/www.finncham.org.br\/portal\/wp-content\/uploads\/2026\/03\/Cafe.Embaixador-24.03-atualizado.1-1447x2048.jpg 1447w, https:\/\/www.finncham.org.br\/portal\/wp-content\/uploads\/2026\/03\/Cafe.Embaixador-24.03-atualizado.1.jpg 1492w\" data-sizes=\"auto\" data-orig-sizes=\"(max-width: 401px) 100vw, 401px\" \/><\/p>\n<p><img decoding=\"async\" loading=\"lazy\" class=\"lazyload aligncenter  wp-image-5257\" src=\"http:\/\/www.finncham.org.br\/portal\/wp-content\/uploads\/2026\/03\/Cafe.Embaixador-24.03-atualizado.2.jpg\" data-orig-src=\"http:\/\/www.finncham.org.br\/portal\/wp-content\/uploads\/2026\/03\/Cafe.Embaixador-24.03-atualizado.2.jpg\" alt=\"\" width=\"400\" height=\"566\" srcset=\"data:image\/svg+xml,%3Csvg%20xmlns%3D%27http%3A%2F%2Fwww.w3.org%2F2000%2Fsvg%27%20width%3D%27400%27%20height%3D%27566%27%20viewBox%3D%270%200%20400%20566%27%3E%3Crect%20width%3D%27400%27%20height%3D%273566%27%20fill-opacity%3D%220%22%2F%3E%3C%2Fsvg%3E\" data-srcset=\"https:\/\/www.finncham.org.br\/portal\/wp-content\/uploads\/2026\/03\/Cafe.Embaixador-24.03-atualizado.2-200x283.jpg 200w, https:\/\/www.finncham.org.br\/portal\/wp-content\/uploads\/2026\/03\/Cafe.Embaixador-24.03-atualizado.2-212x300.jpg 212w, https:\/\/www.finncham.org.br\/portal\/wp-content\/uploads\/2026\/03\/Cafe.Embaixador-24.03-atualizado.2-353x500.jpg 353w, https:\/\/www.finncham.org.br\/portal\/wp-content\/uploads\/2026\/03\/Cafe.Embaixador-24.03-atualizado.2-400x566.jpg 400w, https:\/\/www.finncham.org.br\/portal\/wp-content\/uploads\/2026\/03\/Cafe.Embaixador-24.03-atualizado.2-600x849.jpg 600w, https:\/\/www.finncham.org.br\/portal\/wp-content\/uploads\/2026\/03\/Cafe.Embaixador-24.03-atualizado.2-724x1024.jpg 724w, https:\/\/www.finncham.org.br\/portal\/wp-content\/uploads\/2026\/03\/Cafe.Embaixador-24.03-atualizado.2-768x1087.jpg 768w, https:\/\/www.finncham.org.br\/portal\/wp-content\/uploads\/2026\/03\/Cafe.Embaixador-24.03-atualizado.2-800x1132.jpg 800w, https:\/\/www.finncham.org.br\/portal\/wp-content\/uploads\/2026\/03\/Cafe.Embaixador-24.03-atualizado.2-1086x1536.jpg 1086w, https:\/\/www.finncham.org.br\/portal\/wp-content\/uploads\/2026\/03\/Cafe.Embaixador-24.03-atualizado.2-1200x1698.jpg 1200w, https:\/\/www.finncham.org.br\/portal\/wp-content\/uploads\/2026\/03\/Cafe.Embaixador-24.03-atualizado.2-1447x2048.jpg 1447w, https:\/\/www.finncham.org.br\/portal\/wp-content\/uploads\/2026\/03\/Cafe.Embaixador-24.03-atualizado.2.jpg 1492w\" data-sizes=\"auto\" data-orig-sizes=\"(max-width: 400px) 100vw, 400px\" \/><\/p>\n","protected":false},"excerpt":{"rendered":"<p>Convidamos as empresas finlandesas para o Caf\u00e9 com o Embaixador, que ser\u00e1 realizado no dia 24 de mar\u00e7o, das 15h \u00e0s 17h, no Consulado da Finl\u00e2ndia. Nesta edi\u00e7\u00e3o, promoveremos um painel sobre o Acordo UE\u2013Mercosul, abordando perspectivas pol\u00edticas, legais e tarif\u00e1rias, e seus poss\u00edveis impactos para empresas finlandesas atuantes ou interessadas na regi\u00e3o. O painel [&hellip;]<\/p>\n","protected":false},"author":4,"featured_media":5206,"comment_status":"closed","ping_status":"closed","template":"","meta":{"_price":"","_stock":"","_tribe_ticket_header":"","_tribe_default_ticket_provider":"","_tribe_ticket_capacity":"0","_ticket_start_date":"","_ticket_end_date":"","_tribe_ticket_show_description":"","_tribe_ticket_show_not_going":false,"_tribe_ticket_use_global_stock":"","_tribe_ticket_global_stock_level":"","_global_stock_mode":"","_global_stock_cap":"","_tribe_rsvp_for_event":"","_tribe_ticket_going_count":"","_tribe_ticket_not_going_count":"","_tribe_tickets_list":[],"_tribe_ticket_has_attendee_info_fields":false,"_tribe_events_status":"","_tribe_events_status_reason":""},"tags":[],"tribe_events_cat":[],"yoast_head":"<!-- This site is optimized with the Yoast SEO plugin v21.7 - https:\/\/yoast.com\/wordpress\/plugins\/seo\/ -->\n<title>Caf\u00e9 com o Embaixador - Painel: Acordo EU-Mercosul - Finncham Brazil<\/title>\n<meta name=\"robots\" content=\"index, follow, max-snippet:-1, max-image-preview:large, max-video-preview:-1\" \/>\n<link rel=\"canonical\" href=\"https:\/\/www.finncham.org.br\/portal\/event\/cafe-com-o-embaixador-painel-acordo-eu-mercosul\/\" \/>\n<meta property=\"og:locale\" content=\"en_US\" \/>\n<meta property=\"og:type\" content=\"article\" \/>\n<meta property=\"og:title\" content=\"Caf\u00e9 com o Embaixador - Painel: Acordo EU-Mercosul - Finncham Brazil\" \/>\n<meta property=\"og:description\" content=\"Convidamos as empresas finlandesas para o Caf\u00e9 com o Embaixador, que ser\u00e1 realizado no dia 24 de mar\u00e7o, das 15h \u00e0s 17h, no Consulado da Finl\u00e2ndia. Nesta edi\u00e7\u00e3o, promoveremos um painel sobre o Acordo UE\u2013Mercosul, abordando perspectivas pol\u00edticas, legais e tarif\u00e1rias, e seus poss\u00edveis impactos para empresas finlandesas atuantes ou interessadas na regi\u00e3o. O painel [&hellip;]\" \/>\n<meta property=\"og:url\" content=\"https:\/\/www.finncham.org.br\/portal\/event\/cafe-com-o-embaixador-painel-acordo-eu-mercosul\/\" \/>\n<meta property=\"og:site_name\" content=\"Finncham Brazil\" \/>\n<meta property=\"article:modified_time\" content=\"2026-03-11T18:21:05+00:00\" \/>\n<meta property=\"og:image\" content=\"http:\/\/www.finncham.org.br\/portal\/wp-content\/uploads\/2025\/11\/Cafe-com-o-Embaixador-1.jpg\" \/>\n\t<meta property=\"og:image:width\" content=\"1920\" \/>\n\t<meta property=\"og:image:height\" content=\"1080\" \/>\n\t<meta property=\"og:image:type\" content=\"image\/jpeg\" \/>\n<meta name=\"twitter:card\" content=\"summary_large_image\" \/>\n<meta name=\"twitter:label1\" content=\"Est. reading time\" \/>\n\t<meta name=\"twitter:data1\" content=\"2 minutes\" \/>\n<script type=\"application\/ld+json\" class=\"yoast-schema-graph\">{\"@context\":\"https:\/\/schema.org\",\"@graph\":[{\"@type\":\"WebPage\",\"@id\":\"https:\/\/www.finncham.org.br\/portal\/event\/cafe-com-o-embaixador-painel-acordo-eu-mercosul\/\",\"url\":\"https:\/\/www.finncham.org.br\/portal\/event\/cafe-com-o-embaixador-painel-acordo-eu-mercosul\/\",\"name\":\"Caf\u00e9 com o Embaixador - Painel: Acordo EU-Mercosul - Finncham Brazil\",\"isPartOf\":{\"@id\":\"https:\/\/www.finncham.org.br\/portal\/#website\"},\"datePublished\":\"2026-03-04T13:24:13+00:00\",\"dateModified\":\"2026-03-11T18:21:05+00:00\",\"breadcrumb\":{\"@id\":\"https:\/\/www.finncham.org.br\/portal\/event\/cafe-com-o-embaixador-painel-acordo-eu-mercosul\/#breadcrumb\"},\"inLanguage\":\"en\",\"potentialAction\":[{\"@type\":\"ReadAction\",\"target\":[\"https:\/\/www.finncham.org.br\/portal\/event\/cafe-com-o-embaixador-painel-acordo-eu-mercosul\/\"]}]},{\"@type\":\"BreadcrumbList\",\"@id\":\"https:\/\/www.finncham.org.br\/portal\/event\/cafe-com-o-embaixador-painel-acordo-eu-mercosul\/#breadcrumb\",\"itemListElement\":[{\"@type\":\"ListItem\",\"position\":1,\"name\":\"Home\",\"item\":\"https:\/\/www.finncham.org.br\/portal\/\"},{\"@type\":\"ListItem\",\"position\":2,\"name\":\"Events\",\"item\":\"https:\/\/www.finncham.org.br\/portal\/events\/\"},{\"@type\":\"ListItem\",\"position\":3,\"name\":\"Caf\u00e9 com o Embaixador &#8211; Painel: Acordo EU-Mercosul\"}]},{\"@type\":\"WebSite\",\"@id\":\"https:\/\/www.finncham.org.br\/portal\/#website\",\"url\":\"https:\/\/www.finncham.org.br\/portal\/\",\"name\":\"Finncham Brazil\",\"description\":\"The Official Brazil Finland Chamber Of Commerce.\",\"potentialAction\":[{\"@type\":\"SearchAction\",\"target\":{\"@type\":\"EntryPoint\",\"urlTemplate\":\"https:\/\/www.finncham.org.br\/portal\/?s={search_term_string}\"},\"query-input\":\"required name=search_term_string\"}],\"inLanguage\":\"en\"}]}<\/script>\n<!-- \/ Yoast SEO plugin. -->","yoast_head_json":{"title":"Caf\u00e9 com o Embaixador - Painel: Acordo EU-Mercosul - Finncham Brazil","robots":{"index":"index","follow":"follow","max-snippet":"max-snippet:-1","max-image-preview":"max-image-preview:large","max-video-preview":"max-video-preview:-1"},"canonical":"https:\/\/www.finncham.org.br\/portal\/event\/cafe-com-o-embaixador-painel-acordo-eu-mercosul\/","og_locale":"en_US","og_type":"article","og_title":"Caf\u00e9 com o Embaixador - Painel: Acordo EU-Mercosul - Finncham Brazil","og_description":"Convidamos as empresas finlandesas para o Caf\u00e9 com o Embaixador, que ser\u00e1 realizado no dia 24 de mar\u00e7o, das 15h \u00e0s 17h, no Consulado da Finl\u00e2ndia. Nesta edi\u00e7\u00e3o, promoveremos um painel sobre o Acordo UE\u2013Mercosul, abordando perspectivas pol\u00edticas, legais e tarif\u00e1rias, e seus poss\u00edveis impactos para empresas finlandesas atuantes ou interessadas na regi\u00e3o. O painel [&hellip;]","og_url":"https:\/\/www.finncham.org.br\/portal\/event\/cafe-com-o-embaixador-painel-acordo-eu-mercosul\/","og_site_name":"Finncham Brazil","article_modified_time":"2026-03-11T18:21:05+00:00","og_image":[{"width":1920,"height":1080,"url":"http:\/\/www.finncham.org.br\/portal\/wp-content\/uploads\/2025\/11\/Cafe-com-o-Embaixador-1.jpg","type":"image\/jpeg"}],"twitter_card":"summary_large_image","twitter_misc":{"Est. reading time":"2 minutes"},"schema":{"@context":"https:\/\/schema.org","@graph":[{"@type":"WebPage","@id":"https:\/\/www.finncham.org.br\/portal\/event\/cafe-com-o-embaixador-painel-acordo-eu-mercosul\/","url":"https:\/\/www.finncham.org.br\/portal\/event\/cafe-com-o-embaixador-painel-acordo-eu-mercosul\/","name":"Caf\u00e9 com o Embaixador - Painel: Acordo EU-Mercosul - Finncham Brazil","isPartOf":{"@id":"https:\/\/www.finncham.org.br\/portal\/#website"},"datePublished":"2026-03-04T13:24:13+00:00","dateModified":"2026-03-11T18:21:05+00:00","breadcrumb":{"@id":"https:\/\/www.finncham.org.br\/portal\/event\/cafe-com-o-embaixador-painel-acordo-eu-mercosul\/#breadcrumb"},"inLanguage":"en","potentialAction":[{"@type":"ReadAction","target":["https:\/\/www.finncham.org.br\/portal\/event\/cafe-com-o-embaixador-painel-acordo-eu-mercosul\/"]}]},{"@type":"BreadcrumbList","@id":"https:\/\/www.finncham.org.br\/portal\/event\/cafe-com-o-embaixador-painel-acordo-eu-mercosul\/#breadcrumb","itemListElement":[{"@type":"ListItem","position":1,"name":"Home","item":"https:\/\/www.finncham.org.br\/portal\/"},{"@type":"ListItem","position":2,"name":"Events","item":"https:\/\/www.finncham.org.br\/portal\/events\/"},{"@type":"ListItem","position":3,"name":"Caf\u00e9 com o Embaixador &#8211; Painel: Acordo EU-Mercosul"}]},{"@type":"WebSite","@id":"https:\/\/www.finncham.org.br\/portal\/#website","url":"https:\/\/www.finncham.org.br\/portal\/","name":"Finncham Brazil","description":"The Official Brazil Finland Chamber Of Commerce.","potentialAction":[{"@type":"SearchAction","target":{"@type":"EntryPoint","urlTemplate":"https:\/\/www.finncham.org.br\/portal\/?s={search_term_string}"},"query-input":"required name=search_term_string"}],"inLanguage":"en"}]}},"ticketed":false,"_links":{"self":[{"href":"https:\/\/www.finncham.org.br\/portal\/wp-json\/wp\/v2\/tribe_events\/5248"}],"collection":[{"href":"https:\/\/www.finncham.org.br\/portal\/wp-json\/wp\/v2\/tribe_events"}],"about":[{"href":"https:\/\/www.finncham.org.br\/portal\/wp-json\/wp\/v2\/types\/tribe_events"}],"author":[{"embeddable":true,"href":"https:\/\/www.finncham.org.br\/portal\/wp-json\/wp\/v2\/users\/4"}],"replies":[{"embeddable":true,"href":"https:\/\/www.finncham.org.br\/portal\/wp-json\/wp\/v2\/comments?post=5248"}],"version-history":[{"count":4,"href":"https:\/\/www.finncham.org.br\/portal\/wp-json\/wp\/v2\/tribe_events\/5248\/revisions"}],"predecessor-version":[{"id":5258,"href":"https:\/\/www.finncham.org.br\/portal\/wp-json\/wp\/v2\/tribe_events\/5248\/revisions\/5258"}],"wp:featuredmedia":[{"embeddable":true,"href":"https:\/\/www.finncham.org.br\/portal\/wp-json\/wp\/v2\/media\/5206"}],"wp:attachment":[{"href":"https:\/\/www.finncham.org.br\/portal\/wp-json\/wp\/v2\/media?parent=5248"}],"wp:term":[{"taxonomy":"post_tag","embeddable":true,"href":"https:\/\/www.finncham.org.br\/portal\/wp-json\/wp\/v2\/tags?post=5248"},{"taxonomy":"tribe_events_cat","embeddable":true,"href":"https:\/\/www.finncham.org.br\/portal\/wp-json\/wp\/v2\/tribe_events_cat?post=5248"}],"curies":[{"name":"wp","href":"https:\/\/api.w.org\/{rel}","templated":true}]}}