{"id":5203,"date":"2025-11-18T16:40:56","date_gmt":"2025-11-18T16:40:56","guid":{"rendered":"https:\/\/www.finncham.org.br\/portal\/?post_type=tribe_events&#038;p=5203"},"modified":"2025-11-18T16:40:56","modified_gmt":"2025-11-18T16:40:56","slug":"cafe-com-o-embaixador-s-ex-aantti-kaski","status":"publish","type":"tribe_events","link":"https:\/\/www.finncham.org.br\/portal\/event\/cafe-com-o-embaixador-s-ex-aantti-kaski\/","title":{"rendered":"Caf\u00e9 com o Embaixador S. Ex.\u00aaAntti Kaski"},"content":{"rendered":"<p>A Finncham Brazil, Business Finland e a Embaixada da Finl\u00e2ndia convidam para o <b>Caf\u00e9 com o Embaixador<\/b>, um evento especial de boas-vindas a S. Ex.\u00aa Antti Kaski,\u00a0 novo Embaixador da Finl\u00e2ndia no Brasil. O encontro ser\u00e1 realizado no dia <b>02 de dezembro de 2025, \u00e0s 15h00<\/b>, em S\u00e3o Paulo. Esta \u00e9 uma oportunidade estrat\u00e9gica para apresentar as empresa finlandesas atuando no Brasil ao Embaixador e conectar-se diretamente com a comunidade empresarial finlandesa.<\/p>\n<p>&nbsp;<\/p>\n<p><img decoding=\"async\" loading=\"lazy\" class=\"lazyload aligncenter size-full wp-image-5200\" src=\"http:\/\/www.finncham.org.br\/portal\/wp-content\/uploads\/2025\/11\/FINN-Cafe-imagem.jpg\" data-orig-src=\"http:\/\/www.finncham.org.br\/portal\/wp-content\/uploads\/2025\/11\/FINN-Cafe-imagem.jpg\" alt=\"\" width=\"396\" height=\"559\" srcset=\"data:image\/svg+xml,%3Csvg%20xmlns%3D%27http%3A%2F%2Fwww.w3.org%2F2000%2Fsvg%27%20width%3D%27396%27%20height%3D%27559%27%20viewBox%3D%270%200%20396%20559%27%3E%3Crect%20width%3D%27396%27%20height%3D%273559%27%20fill-opacity%3D%220%22%2F%3E%3C%2Fsvg%3E\" data-srcset=\"https:\/\/www.finncham.org.br\/portal\/wp-content\/uploads\/2025\/11\/FINN-Cafe-imagem-200x282.jpg 200w, https:\/\/www.finncham.org.br\/portal\/wp-content\/uploads\/2025\/11\/FINN-Cafe-imagem-213x300.jpg 213w, https:\/\/www.finncham.org.br\/portal\/wp-content\/uploads\/2025\/11\/FINN-Cafe-imagem-354x500.jpg 354w, https:\/\/www.finncham.org.br\/portal\/wp-content\/uploads\/2025\/11\/FINN-Cafe-imagem.jpg 396w\" data-sizes=\"auto\" data-orig-sizes=\"(max-width: 396px) 100vw, 396px\" \/><\/p>\n","protected":false},"excerpt":{"rendered":"<p>A Finncham Brazil, Business Finland e a Embaixada da Finl\u00e2ndia convidam para o Caf\u00e9 com o Embaixador, um evento especial de boas-vindas a S. Ex.\u00aa Antti Kaski,\u00a0 novo Embaixador da Finl\u00e2ndia no Brasil. O encontro ser\u00e1 realizado no dia 02 de dezembro de 2025, \u00e0s 15h00, em S\u00e3o Paulo. Esta \u00e9 uma oportunidade estrat\u00e9gica para [&hellip;]<\/p>\n","protected":false},"author":4,"featured_media":5206,"comment_status":"open","ping_status":"closed","template":"","meta":{"_price":"","_stock":"","_tribe_ticket_header":"","_tribe_default_ticket_provider":"","_tribe_ticket_capacity":"0","_ticket_start_date":"","_ticket_end_date":"","_tribe_ticket_show_description":"","_tribe_ticket_show_not_going":false,"_tribe_ticket_use_global_stock":"","_tribe_ticket_global_stock_level":"","_global_stock_mode":"","_global_stock_cap":"","_tribe_rsvp_for_event":"","_tribe_ticket_going_count":"","_tribe_ticket_not_going_count":"","_tribe_tickets_list":[],"_tribe_ticket_has_attendee_info_fields":false,"_tribe_events_status":"","_tribe_events_status_reason":""},"tags":[],"tribe_events_cat":[89,77],"yoast_head":"<!-- This site is optimized with the Yoast SEO plugin v21.7 - https:\/\/yoast.com\/wordpress\/plugins\/seo\/ -->\n<title>Caf\u00e9 com o Embaixador S. Ex.\u00aaAntti Kaski - Finncham Brazil<\/title>\n<meta name=\"robots\" content=\"index, follow, max-snippet:-1, max-image-preview:large, max-video-preview:-1\" \/>\n<link rel=\"canonical\" href=\"https:\/\/www.finncham.org.br\/portal\/event\/cafe-com-o-embaixador-s-ex-aantti-kaski\/\" \/>\n<meta property=\"og:locale\" content=\"en_US\" \/>\n<meta property=\"og:type\" content=\"article\" \/>\n<meta property=\"og:title\" content=\"Caf\u00e9 com o Embaixador S. Ex.\u00aaAntti Kaski - Finncham Brazil\" \/>\n<meta property=\"og:description\" content=\"A Finncham Brazil, Business Finland e a Embaixada da Finl\u00e2ndia convidam para o Caf\u00e9 com o Embaixador, um evento especial de boas-vindas a S. Ex.\u00aa Antti Kaski,\u00a0 novo Embaixador da Finl\u00e2ndia no Brasil. O encontro ser\u00e1 realizado no dia 02 de dezembro de 2025, \u00e0s 15h00, em S\u00e3o Paulo. Esta \u00e9 uma oportunidade estrat\u00e9gica para [&hellip;]\" \/>\n<meta property=\"og:url\" content=\"https:\/\/www.finncham.org.br\/portal\/event\/cafe-com-o-embaixador-s-ex-aantti-kaski\/\" \/>\n<meta property=\"og:site_name\" content=\"Finncham Brazil\" \/>\n<meta property=\"og:image\" content=\"http:\/\/www.finncham.org.br\/portal\/wp-content\/uploads\/2025\/11\/Cafe-com-o-Embaixador-1.jpg\" \/>\n\t<meta property=\"og:image:width\" content=\"1920\" \/>\n\t<meta property=\"og:image:height\" content=\"1080\" \/>\n\t<meta property=\"og:image:type\" content=\"image\/jpeg\" \/>\n<meta name=\"twitter:card\" content=\"summary_large_image\" \/>\n<meta name=\"twitter:label1\" content=\"Est. reading time\" \/>\n\t<meta name=\"twitter:data1\" content=\"1 minute\" \/>\n<script type=\"application\/ld+json\" class=\"yoast-schema-graph\">{\"@context\":\"https:\/\/schema.org\",\"@graph\":[{\"@type\":\"WebPage\",\"@id\":\"https:\/\/www.finncham.org.br\/portal\/event\/cafe-com-o-embaixador-s-ex-aantti-kaski\/\",\"url\":\"https:\/\/www.finncham.org.br\/portal\/event\/cafe-com-o-embaixador-s-ex-aantti-kaski\/\",\"name\":\"Caf\u00e9 com o Embaixador S. Ex.\u00aaAntti Kaski - Finncham Brazil\",\"isPartOf\":{\"@id\":\"https:\/\/www.finncham.org.br\/portal\/#website\"},\"datePublished\":\"2025-11-18T16:40:56+00:00\",\"dateModified\":\"2025-11-18T16:40:56+00:00\",\"breadcrumb\":{\"@id\":\"https:\/\/www.finncham.org.br\/portal\/event\/cafe-com-o-embaixador-s-ex-aantti-kaski\/#breadcrumb\"},\"inLanguage\":\"en\",\"potentialAction\":[{\"@type\":\"ReadAction\",\"target\":[\"https:\/\/www.finncham.org.br\/portal\/event\/cafe-com-o-embaixador-s-ex-aantti-kaski\/\"]}]},{\"@type\":\"BreadcrumbList\",\"@id\":\"https:\/\/www.finncham.org.br\/portal\/event\/cafe-com-o-embaixador-s-ex-aantti-kaski\/#breadcrumb\",\"itemListElement\":[{\"@type\":\"ListItem\",\"position\":1,\"name\":\"Home\",\"item\":\"https:\/\/www.finncham.org.br\/portal\/\"},{\"@type\":\"ListItem\",\"position\":2,\"name\":\"Events\",\"item\":\"https:\/\/www.finncham.org.br\/portal\/events\/\"},{\"@type\":\"ListItem\",\"position\":3,\"name\":\"Caf\u00e9 com o Embaixador S. Ex.\u00aaAntti Kaski\"}]},{\"@type\":\"WebSite\",\"@id\":\"https:\/\/www.finncham.org.br\/portal\/#website\",\"url\":\"https:\/\/www.finncham.org.br\/portal\/\",\"name\":\"Finncham Brazil\",\"description\":\"The Official Brazil Finland Chamber Of Commerce.\",\"potentialAction\":[{\"@type\":\"SearchAction\",\"target\":{\"@type\":\"EntryPoint\",\"urlTemplate\":\"https:\/\/www.finncham.org.br\/portal\/?s={search_term_string}\"},\"query-input\":\"required name=search_term_string\"}],\"inLanguage\":\"en\"}]}<\/script>\n<!-- \/ Yoast SEO plugin. -->","yoast_head_json":{"title":"Caf\u00e9 com o Embaixador S. Ex.\u00aaAntti Kaski - Finncham Brazil","robots":{"index":"index","follow":"follow","max-snippet":"max-snippet:-1","max-image-preview":"max-image-preview:large","max-video-preview":"max-video-preview:-1"},"canonical":"https:\/\/www.finncham.org.br\/portal\/event\/cafe-com-o-embaixador-s-ex-aantti-kaski\/","og_locale":"en_US","og_type":"article","og_title":"Caf\u00e9 com o Embaixador S. Ex.\u00aaAntti Kaski - Finncham Brazil","og_description":"A Finncham Brazil, Business Finland e a Embaixada da Finl\u00e2ndia convidam para o Caf\u00e9 com o Embaixador, um evento especial de boas-vindas a S. Ex.\u00aa Antti Kaski,\u00a0 novo Embaixador da Finl\u00e2ndia no Brasil. O encontro ser\u00e1 realizado no dia 02 de dezembro de 2025, \u00e0s 15h00, em S\u00e3o Paulo. Esta \u00e9 uma oportunidade estrat\u00e9gica para [&hellip;]","og_url":"https:\/\/www.finncham.org.br\/portal\/event\/cafe-com-o-embaixador-s-ex-aantti-kaski\/","og_site_name":"Finncham Brazil","og_image":[{"width":1920,"height":1080,"url":"http:\/\/www.finncham.org.br\/portal\/wp-content\/uploads\/2025\/11\/Cafe-com-o-Embaixador-1.jpg","type":"image\/jpeg"}],"twitter_card":"summary_large_image","twitter_misc":{"Est. reading time":"1 minute"},"schema":{"@context":"https:\/\/schema.org","@graph":[{"@type":"WebPage","@id":"https:\/\/www.finncham.org.br\/portal\/event\/cafe-com-o-embaixador-s-ex-aantti-kaski\/","url":"https:\/\/www.finncham.org.br\/portal\/event\/cafe-com-o-embaixador-s-ex-aantti-kaski\/","name":"Caf\u00e9 com o Embaixador S. Ex.\u00aaAntti Kaski - Finncham Brazil","isPartOf":{"@id":"https:\/\/www.finncham.org.br\/portal\/#website"},"datePublished":"2025-11-18T16:40:56+00:00","dateModified":"2025-11-18T16:40:56+00:00","breadcrumb":{"@id":"https:\/\/www.finncham.org.br\/portal\/event\/cafe-com-o-embaixador-s-ex-aantti-kaski\/#breadcrumb"},"inLanguage":"en","potentialAction":[{"@type":"ReadAction","target":["https:\/\/www.finncham.org.br\/portal\/event\/cafe-com-o-embaixador-s-ex-aantti-kaski\/"]}]},{"@type":"BreadcrumbList","@id":"https:\/\/www.finncham.org.br\/portal\/event\/cafe-com-o-embaixador-s-ex-aantti-kaski\/#breadcrumb","itemListElement":[{"@type":"ListItem","position":1,"name":"Home","item":"https:\/\/www.finncham.org.br\/portal\/"},{"@type":"ListItem","position":2,"name":"Events","item":"https:\/\/www.finncham.org.br\/portal\/events\/"},{"@type":"ListItem","position":3,"name":"Caf\u00e9 com o Embaixador S. Ex.\u00aaAntti Kaski"}]},{"@type":"WebSite","@id":"https:\/\/www.finncham.org.br\/portal\/#website","url":"https:\/\/www.finncham.org.br\/portal\/","name":"Finncham Brazil","description":"The Official Brazil Finland Chamber Of Commerce.","potentialAction":[{"@type":"SearchAction","target":{"@type":"EntryPoint","urlTemplate":"https:\/\/www.finncham.org.br\/portal\/?s={search_term_string}"},"query-input":"required name=search_term_string"}],"inLanguage":"en"}]}},"ticketed":false,"_links":{"self":[{"href":"https:\/\/www.finncham.org.br\/portal\/wp-json\/wp\/v2\/tribe_events\/5203"}],"collection":[{"href":"https:\/\/www.finncham.org.br\/portal\/wp-json\/wp\/v2\/tribe_events"}],"about":[{"href":"https:\/\/www.finncham.org.br\/portal\/wp-json\/wp\/v2\/types\/tribe_events"}],"author":[{"embeddable":true,"href":"https:\/\/www.finncham.org.br\/portal\/wp-json\/wp\/v2\/users\/4"}],"replies":[{"embeddable":true,"href":"https:\/\/www.finncham.org.br\/portal\/wp-json\/wp\/v2\/comments?post=5203"}],"version-history":[{"count":1,"href":"https:\/\/www.finncham.org.br\/portal\/wp-json\/wp\/v2\/tribe_events\/5203\/revisions"}],"predecessor-version":[{"id":5204,"href":"https:\/\/www.finncham.org.br\/portal\/wp-json\/wp\/v2\/tribe_events\/5203\/revisions\/5204"}],"wp:featuredmedia":[{"embeddable":true,"href":"https:\/\/www.finncham.org.br\/portal\/wp-json\/wp\/v2\/media\/5206"}],"wp:attachment":[{"href":"https:\/\/www.finncham.org.br\/portal\/wp-json\/wp\/v2\/media?parent=5203"}],"wp:term":[{"taxonomy":"post_tag","embeddable":true,"href":"https:\/\/www.finncham.org.br\/portal\/wp-json\/wp\/v2\/tags?post=5203"},{"taxonomy":"tribe_events_cat","embeddable":true,"href":"https:\/\/www.finncham.org.br\/portal\/wp-json\/wp\/v2\/tribe_events_cat?post=5203"}],"curies":[{"name":"wp","href":"https:\/\/api.w.org\/{rel}","templated":true}]}}